{"id":2382,"date":"2023-03-22T10:05:04","date_gmt":"2023-03-22T10:05:04","guid":{"rendered":"https:\/\/galrita.hu\/?page_id=2382"},"modified":"2024-09-04T18:44:28","modified_gmt":"2024-09-04T18:44:28","slug":"informaciok","status":"publish","type":"page","link":"https:\/\/galrita.hu\/index.php\/informaciok\/","title":{"rendered":"Inform\u00e1ci\u00f3k"},"content":{"rendered":"<section class=\"wpb-content-wrapper\"><p>[vc_row full_width=&#8221;stretch_row&#8221; memphis_overlay=&#8221;on&#8221;][vc_column css_animation=&#8221;fadeIn&#8221; width=&#8221;2\/3&#8243; el_class=&#8221;udvcolumn&#8221; uniqid=&#8221;6408a71e195fd&#8221;][vc_empty_space height=&#8221;90px&#8221;][vc_column_text uniqid=&#8221;64089502eea56&#8243; el_class=&#8221;justify&#8221;]<span style=\"font-size: 24px; color: #e05d3f;\"><strong>Szolg\u00e1ltat\u00e1sok d\u00edja:<\/strong><\/span><\/p>\n\n<table id=\"tablepress-1\" class=\"tablepress tablepress-id-1\">\n<tbody>\n<tr class=\"row-1\">\n\t<td class=\"column-1\">Life coach \u00fcl\u00e9s \u2013 60\u2019<\/td><td class=\"column-2\"><b>15.000 Ft<\/b>\/ alkalom<\/td>\n<\/tr>\n<tr class=\"row-2\">\n\t<td class=\"column-1\">Life coach \u00fcl\u00e9s \u2013 90\u2019<\/td><td class=\"column-2\"><b>18.000 Ft<\/b>\/ alkalom<\/td>\n<\/tr>\n<tr class=\"row-3\">\n\t<td class=\"column-1\">Ifj\u00fas\u00e1gi coach \u00fcl\u00e9s \u2013 60\u2019<\/td><td class=\"column-2\"><b>12.000Ft<\/b>\/ alkalom<\/td>\n<\/tr>\n<tr class=\"row-4\">\n\t<td class=\"column-1\">Akvarell mandalafest\u0151 foglalkoz\u00e1s \u2013 5 \u00f3ra<\/td><td class=\"column-2\">Feln\u0151tt egy\u00e9ni <b>20.000.- Ft<\/b><br \/>\nFeln\u0151tt csoportban <b>12.000.- Ft<\/b>\/ f\u0151<br \/>\nGyermek egy\u00e9ni <b>15.000.- Ft<\/b> <br \/>\nGyermek csoportban <b>10.000.- Ft<\/b>\/ f\u0151<\/td>\n<\/tr>\n<tr class=\"row-5\">\n\t<td class=\"column-1\">Mesemandala fest\u0151 foglalkoz\u00e1s gyermekeknek \u2013 4 \u00f3ra<\/td><td class=\"column-2\">Egy\u00e9ni <b>15.000.-  Ft<\/b><br \/>\nCsoportban <b>10.000.- Ft<\/b><\/td>\n<\/tr>\n<tr class=\"row-6\">\n\t<td class=\"column-1\">\u00dajrahangol\u00f3 EQ- fejleszt\u0151 egy\u00e9ni \u00e9s csoportos foglalkoz\u00e1s gyermekek r\u00e9sz\u00e9re<\/td><td class=\"column-2\">-egy\u00e9ni<br \/>\n<b>12.000.- Ft<\/b>\/ alkalom<br \/>\n-csoportban<br \/>\n<b>10.000.- Ft<\/b>\/ alkalom<\/td>\n<\/tr>\n<tr class=\"row-7\">\n\t<td class=\"column-1\">\u00dajrahangol\u00f3 \u2013 Sz\u00fcl\u0151i foglalkoz\u00e1s                                                      <br \/>\nOtthoni fejleszt\u00e9s eset\u00e9n, t\u00e1mogat\u00f3 sz\u00fcl\u0151i foglalkoz\u00e1s, melyben \u00e1tbesz\u00e9lj\u00fck a mes\u00e9k tan\u00edt\u00e1sait, \u00e9s haszn\u00e1lat\u00e1t mes\u00e9r\u0151l- mes\u00e9re.<\/td><td class=\"column-2\"><b>70.000.- Ft<\/b>\/ 7 alkalom<br \/>\n<b>12.000.- Ft<\/b>\/ alkalom<\/td>\n<\/tr>\n<tr class=\"row-8\">\n\t<td class=\"column-1\">\u00dajrahangol\u00f3 meseter\u00e1pia PDF + aj\u00e1nd\u00e9k<\/td><td class=\"column-2\"><b>7.500.- Ft<\/b>\/ Shop \u00e1ruh\u00e1zban megrendelhet\u0151<\/td>\n<\/tr>\n<tr class=\"row-9\">\n\t<td class=\"column-1\">\u00d6nismeret a Mandal\u00e1k t\u00fckr\u00e9ben-medit\u00e1ci\u00f3val \u00f6sszek\u00f6t\u00f6tt foglalkoz\u00e1s<br \/>\n\u2013 6 \u00f3ra<\/td><td class=\"column-2\">-egy\u00e9ni foglalkoz\u00e1s<br \/>\n<b>18.000.- Ft<\/b>\/ f\u0151<br \/>\n<br \/>\n-csoportban max. 4 f\u0151 <br \/>\n<b>15.000.- Ft<\/b>\/f\u0151<br \/>\n<\/td>\n<\/tr>\n<tr class=\"row-10\">\n\t<td colspan=\"2\" class=\"column-1\">A foglalkoz\u00e1sok id\u0151tartama el\u0151fordulhat, hogy  kitol\u00f3dik!<\/td>\n<\/tr>\n<tr class=\"row-11\">\n\t<td class=\"column-1\">Egyedi mandal\u00e1k  rendel\u00e9se + aj\u00e1nd\u00e9k\/ Alap kronobiol\u00f3giai elemz\u00e9s\/<\/td><td class=\"column-2\">30x40 cm <b>20.000.- Ft<\/b> \/ keretben \/<br \/>\n 40x50 cm <b>28.000.- Ft<\/b>\/keretben\/<\/td>\n<\/tr>\n<tr class=\"row-12\">\n\t<td class=\"column-1\">Kronobiol\u00f3giai elemz\u00e9s (szem\u00e9lyis\u00e9gfelt\u00e1r\u00e1s)<\/td><td class=\"column-2\"><b>18.000.- Ft<\/b> \/f\u0151<\/td>\n<\/tr>\n<\/tbody>\n<\/table>\n<!-- #tablepress-1 from cache -->\n<p><span style=\"font-size: 24px; color: #e05d3f;\"><strong>Foglalkoz\u00e1sok id\u0151pontjai:<\/strong><\/span><\/p>\n<p>SZOMBAT du. 15.00-18.00-ig<br \/>\nVAS\u00c1RNAP de. 10.00-13.00-ig<br \/>\nHa a foglakoz\u00e1sok id\u0151pontjai nem megfelel\u0151ek, k\u00e9rlek, h\u00edvj, megbesz\u00e9lj\u00fck!<br \/>\nG\u00e1l Rita<br \/>\nTel:0620-354-9582<br \/>\nEmail: gal.rita101@gmail.com vagy info@galrita.hu<br \/>\nFoglalkoz\u00e1s helysz\u00edne: 1112 BUDAPEST, K\u00e9r\u0151 u. 6<\/p>\n<p><span style=\"font-size: 24px; color: #e05d3f;\"><strong>Lemond\u00e1s:<\/strong><\/span><\/p>\n<p>Amennyiben a megbesz\u00e9lt id\u0151pont m\u00e9gsem megfelel\u0151 sz\u00e1modra, min\u00e9l hamarabb jelezd fel\u00e9m.<br \/>\n24 \u00f3r\u00e1n bel\u00fcli lemond\u00e1s eset\u00e9n azonban, munkad\u00edjam 50% ker\u00fcl kisz\u00e1ml\u00e1z\u00e1sra.<\/p>\n<p>Az id\u0151 mindannyiunk sz\u00e1m\u00e1ra \u00e9rt\u00e9kes, k\u00f6sz\u00f6n\u00f6m meg\u00e9rt\u00e9sedet![\/vc_column_text][\/vc_column][vc_column css_animation=&#8221;slideInUp&#8221; width=&#8221;1\/3&#8243;][vc_empty_space height=&#8221;90px&#8221;][vc_single_image image=&#8221;2061&#8243; img_size=&#8221;full&#8221; alignment=&#8221;center&#8221;][\/vc_column][\/vc_row]<\/p>\n<\/section>","protected":false},"excerpt":{"rendered":"<p>[vc_row full_width=&#8221;stretch_row&#8221; memphis_overlay=&#8221;on&#8221;][vc_column css_animation=&#8221;fadeIn&#8221; width=&#8221;2\/3&#8243; el_class=&#8221;udvcolumn&#8221; uniqid=&#8221;6408a71e195fd&#8221;][vc_empty_space height=&#8221;90px&#8221;][vc_column_text uniqid=&#8221;64089502eea56&#8243; el_class=&#8221;justify&#8221;]Szolg\u00e1ltat\u00e1sok d\u00edja: Foglalkoz\u00e1sok id\u0151pontjai: SZOMBAT du. 15.00-18.00-ig VAS\u00c1RNAP de. 10.00-13.00-ig Ha a foglakoz\u00e1sok id\u0151pontjai nem megfelel\u0151ek, k\u00e9rlek, h\u00edvj, megbesz\u00e9lj\u00fck! G\u00e1l Rita Tel:0620-354-9582 Email: gal.rita101@gmail.com vagy info@galrita.hu Foglalkoz\u00e1s helysz\u00edne: 1112 BUDAPEST, K\u00e9r\u0151 u. 6 Lemond\u00e1s: Amennyiben a megbesz\u00e9lt id\u0151pont m\u00e9gsem megfelel\u0151 sz\u00e1modra, min\u00e9l hamarabb jelezd fel\u00e9m. 24 [&hellip;]<\/p>\n","protected":false},"author":1,"featured_media":0,"parent":0,"menu_order":0,"comment_status":"closed","ping_status":"closed","template":"template-landing.php","meta":{"ngg_post_thumbnail":0,"footnotes":""},"class_list":["post-2382","page","type-page","status-publish","hentry"],"acf":[],"_links":{"self":[{"href":"https:\/\/galrita.hu\/index.php\/wp-json\/wp\/v2\/pages\/2382","targetHints":{"allow":["GET"]}}],"collection":[{"href":"https:\/\/galrita.hu\/index.php\/wp-json\/wp\/v2\/pages"}],"about":[{"href":"https:\/\/galrita.hu\/index.php\/wp-json\/wp\/v2\/types\/page"}],"author":[{"embeddable":true,"href":"https:\/\/galrita.hu\/index.php\/wp-json\/wp\/v2\/users\/1"}],"replies":[{"embeddable":true,"href":"https:\/\/galrita.hu\/index.php\/wp-json\/wp\/v2\/comments?post=2382"}],"version-history":[{"count":11,"href":"https:\/\/galrita.hu\/index.php\/wp-json\/wp\/v2\/pages\/2382\/revisions"}],"predecessor-version":[{"id":2470,"href":"https:\/\/galrita.hu\/index.php\/wp-json\/wp\/v2\/pages\/2382\/revisions\/2470"}],"wp:attachment":[{"href":"https:\/\/galrita.hu\/index.php\/wp-json\/wp\/v2\/media?parent=2382"}],"curies":[{"name":"wp","href":"https:\/\/api.w.org\/{rel}","templated":true}]}}